{"id":42,"date":"2019-08-08T18:22:59","date_gmt":"2019-08-08T18:22:59","guid":{"rendered":"https:\/\/xn--mobilitt-6za.eu\/index.php\/mesmerize\/"},"modified":"2023-05-14T20:43:13","modified_gmt":"2023-05-14T20:43:13","slug":"mesmerize","status":"publish","type":"page","link":"https:\/\/xn--mobilitt-6za.eu\/","title":{"rendered":"Front Page"},"content":{"rendered":"<div  id=\"overlappable-4\" style=\"background-color: #ffffff;\" data-label=\"Overlappable\" data-id=\"overlappable-4\" data-export-id=\"overlappable-4\" data-category=\"overlappable\" class=\"overlappable-4 content-section content-section-spacing\" data-overlap=\"true\"><div  class=\"gridContainer\"> <div  data-type=\"row\" class=\"row spaced-cols text-center\"><div  class=\"col-xs-12 col-sm-4 col-padding\">  <div  data-type=\"column\" class=\"\">  <\/div> <\/div>  <div  class=\"col-xs-12 col-sm-4 col-padding\">  <div  data-type=\"column\" class=\"\"> <p  class=\"\"><\/p><\/div> <\/div><\/div> <\/div><\/div><div  data-label=\"Latest-news\" data-id=\"latest_news--1\" data-export-id=\"blog-section\" data-category=\"latest_news\" class=\"blog-section blog-section-standard content-section content-section-spacing\" id=\"latest_news-1\" style=\"background-color: rgb(245, 250, 253); background-image: none;\"><div  class=\"\"> <div  class=\"row\"><div  data-type=\"column\" class=\"section-title-col\"> <h2  class=\"\">K\u00fcrzlich ver\u00f6ffentlicht !<\/h2> <\/div> <\/div> <div  class=\"row\"> <div  data-type=\"row\" data-dynamic-columns=\"handled\" data-content-shortcode=\"mesmerize_latest_news columns=&quot;2&quot; \">\t\t<div class=\"row center-sm content-left-sm\">\n\t\t\t\t\t<div id=\"post-1037\" class=\"col-sm-6 col-md-2 space-bottom space-bottom-xs\">\n\t\t\t\t<div class=\"post-content card y-move bordered\">\n\t\t\t\t\t<div class=\"post-thumbnail\">\n   <a href=\"https:\/\/xn--mobilitt-6za.eu\/index.php\/2023\/03\/01\/emw-finalisten-vorgestellt\/\" class=\"post-list-item-thumb \">\n      <img loading=\"lazy\" decoding=\"async\" width=\"562\" height=\"318\" src=\"https:\/\/xn--mobilitt-6za.eu\/wp-content\/uploads\/2023\/03\/Ashampoo_Snap_Mittwoch-1.-Maerz-2023_18h10m6s_001_GMX-Premium-E-Mail-made-in-Germany-Google-Chrome.png\" class=\"attachment-post-thumbnail size-post-thumbnail wp-post-image\" alt=\"\" srcset=\"https:\/\/xn--mobilitt-6za.eu\/wp-content\/uploads\/2023\/03\/Ashampoo_Snap_Mittwoch-1.-Maerz-2023_18h10m6s_001_GMX-Premium-E-Mail-made-in-Germany-Google-Chrome.png 562w, https:\/\/xn--mobilitt-6za.eu\/wp-content\/uploads\/2023\/03\/Ashampoo_Snap_Mittwoch-1.-Maerz-2023_18h10m6s_001_GMX-Premium-E-Mail-made-in-Germany-Google-Chrome-300x170.png 300w\" sizes=\"auto, (max-width: 562px) 100vw, 562px\" \/>   <\/a>\n<\/div>\n\t\t\t\t\t<div class=\"col-padding col-padding-xs\">\n\t\t\t\t\t\t<h3 class=\"post-title space-bottom-small\">\n\t\t\t\t\t\t\t<a href=\"https:\/\/xn--mobilitt-6za.eu\/index.php\/2023\/03\/01\/emw-finalisten-vorgestellt\/\" rel=\"bookmark\">\n\t\t\t\t\t\t\t\tEMW Finalisten vorgestellt\t\t\t\t\t\t\t<\/a>\n\t\t\t\t\t\t<\/h3>\n\t\t\t\t\t\t<p>Die Finalisten f\u00fcr den j\u00e4hrlichen EUROPEANMOBILITYWEEK-Preis und den ersten MOBILITYACTION-Preis aller Zeiten wurden bekannt gegeben. Beide Preise werden in Anerkennung bemerkenswerter Aktivit\u00e4ten verliehen, die im Jahr 2022 durchgef\u00fchrt wurden. Der[&hellip;]<\/p>\n\t\t\t\t\t\t<a class=\"read-more link\" href=\"https:\/\/xn--mobilitt-6za.eu\/index.php\/2023\/03\/01\/emw-finalisten-vorgestellt\/\">\n\t\t\t\t\t\t\tRead more\t\t\t\t\t\t<\/a>\n\t\t\t\t\t<\/div>\n\t\t\t\t<\/div>\n\t\t\t<\/div>\n\t\t\t\t\t\t<div id=\"post-1030\" class=\"col-sm-6 col-md-2 space-bottom space-bottom-xs\">\n\t\t\t\t<div class=\"post-content card y-move bordered\">\n\t\t\t\t\t<div class=\"post-thumbnail\">\n   <a href=\"https:\/\/xn--mobilitt-6za.eu\/index.php\/2023\/02\/28\/motto-und-news-zur-emw-2023\/\" class=\"post-list-item-thumb \">\n      <img loading=\"lazy\" decoding=\"async\" width=\"731\" height=\"467\" src=\"https:\/\/xn--mobilitt-6za.eu\/wp-content\/uploads\/2023\/02\/Lilias.jpg\" class=\"attachment-post-thumbnail size-post-thumbnail wp-post-image\" alt=\"\" srcset=\"https:\/\/xn--mobilitt-6za.eu\/wp-content\/uploads\/2023\/02\/Lilias.jpg 731w, https:\/\/xn--mobilitt-6za.eu\/wp-content\/uploads\/2023\/02\/Lilias-300x192.jpg 300w\" sizes=\"auto, (max-width: 731px) 100vw, 731px\" \/>   <\/a>\n<\/div>\n\t\t\t\t\t<div class=\"col-padding col-padding-xs\">\n\t\t\t\t\t\t<h3 class=\"post-title space-bottom-small\">\n\t\t\t\t\t\t\t<a href=\"https:\/\/xn--mobilitt-6za.eu\/index.php\/2023\/02\/28\/motto-und-news-zur-emw-2023\/\" rel=\"bookmark\">\n\t\t\t\t\t\t\t\tMotto und News zur EMW 2023\t\t\t\t\t\t\t<\/a>\n\t\t\t\t\t\t<\/h3>\n\t\t\t\t\t\t<p>Heute gabs das 7. Online Seminar vom UBA. Wir haben teilgenommen und neue Inspirationen f\u00fcr die EMW 2023 bekommen. Neue Edgar- und Eddafiguren sind verf\u00fcgbar. Neue Aktionsideen wurden vorgestellt. Das[&hellip;]<\/p>\n\t\t\t\t\t\t<a class=\"read-more link\" href=\"https:\/\/xn--mobilitt-6za.eu\/index.php\/2023\/02\/28\/motto-und-news-zur-emw-2023\/\">\n\t\t\t\t\t\t\tRead more\t\t\t\t\t\t<\/a>\n\t\t\t\t\t<\/div>\n\t\t\t\t<\/div>\n\t\t\t<\/div>\n\t\t\t\t\t\t<div id=\"post-1023\" class=\"col-sm-6 col-md-2 space-bottom space-bottom-xs\">\n\t\t\t\t<div class=\"post-content card y-move bordered\">\n\t\t\t\t\t<div class=\"post-thumbnail\">\n   <a href=\"https:\/\/xn--mobilitt-6za.eu\/index.php\/2023\/02\/21\/lilienthaler-jungwaelder-aufforstung\/\" class=\"post-list-item-thumb \">\n      <img loading=\"lazy\" decoding=\"async\" width=\"1024\" height=\"576\" src=\"https:\/\/xn--mobilitt-6za.eu\/wp-content\/uploads\/2023\/02\/trees-gc0dc22ab7_1920-1024x576.jpg\" class=\"attachment-post-thumbnail size-post-thumbnail wp-post-image\" alt=\"\" srcset=\"https:\/\/xn--mobilitt-6za.eu\/wp-content\/uploads\/2023\/02\/trees-gc0dc22ab7_1920-1024x576.jpg 1024w, https:\/\/xn--mobilitt-6za.eu\/wp-content\/uploads\/2023\/02\/trees-gc0dc22ab7_1920-300x169.jpg 300w, https:\/\/xn--mobilitt-6za.eu\/wp-content\/uploads\/2023\/02\/trees-gc0dc22ab7_1920-768x432.jpg 768w, https:\/\/xn--mobilitt-6za.eu\/wp-content\/uploads\/2023\/02\/trees-gc0dc22ab7_1920-1536x864.jpg 1536w, https:\/\/xn--mobilitt-6za.eu\/wp-content\/uploads\/2023\/02\/trees-gc0dc22ab7_1920.jpg 1920w\" sizes=\"auto, (max-width: 1024px) 100vw, 1024px\" \/>   <\/a>\n<\/div>\n\t\t\t\t\t<div class=\"col-padding col-padding-xs\">\n\t\t\t\t\t\t<h3 class=\"post-title space-bottom-small\">\n\t\t\t\t\t\t\t<a href=\"https:\/\/xn--mobilitt-6za.eu\/index.php\/2023\/02\/21\/lilienthaler-jungwaelder-aufforstung\/\" rel=\"bookmark\">\n\t\t\t\t\t\t\t\t<strong>Lilienthaler Jungw\u00e4lder &#8211; Aufforstung<\/strong>\t\t\t\t\t\t\t<\/a>\n\t\t\t\t\t\t<\/h3>\n\t\t\t\t\t\t<p>Die Diskussionen um die Aufforstungen im Gemeindegebiet greifen uns zu kurz, da sie sich meist nur um Klimaschutz und CO\u00b2 drehen. Dies sind wichtige Faktoren, aber bei Weitem nicht die[&hellip;]<\/p>\n\t\t\t\t\t\t<a class=\"read-more link\" href=\"https:\/\/xn--mobilitt-6za.eu\/index.php\/2023\/02\/21\/lilienthaler-jungwaelder-aufforstung\/\">\n\t\t\t\t\t\t\tRead more\t\t\t\t\t\t<\/a>\n\t\t\t\t\t<\/div>\n\t\t\t\t<\/div>\n\t\t\t<\/div>\n\t\t\t\t\t\t<div id=\"post-1009\" class=\"col-sm-6 col-md-2 space-bottom space-bottom-xs\">\n\t\t\t\t<div class=\"post-content card y-move bordered\">\n\t\t\t\t\t<div class=\"post-thumbnail\">\n   <a href=\"https:\/\/xn--mobilitt-6za.eu\/index.php\/2022\/09\/27\/autofreier-schultag-2022\/\" class=\"post-list-item-thumb \">\n      <img loading=\"lazy\" decoding=\"async\" width=\"1024\" height=\"1482\" src=\"https:\/\/xn--mobilitt-6za.eu\/wp-content\/uploads\/2022\/09\/AFS22-1024x1482.jpeg\" class=\"attachment-post-thumbnail size-post-thumbnail wp-post-image\" alt=\"\" srcset=\"https:\/\/xn--mobilitt-6za.eu\/wp-content\/uploads\/2022\/09\/AFS22-1024x1482.jpeg 1024w, https:\/\/xn--mobilitt-6za.eu\/wp-content\/uploads\/2022\/09\/AFS22-207x300.jpeg 207w, https:\/\/xn--mobilitt-6za.eu\/wp-content\/uploads\/2022\/09\/AFS22-708x1024.jpeg 708w, https:\/\/xn--mobilitt-6za.eu\/wp-content\/uploads\/2022\/09\/AFS22-768x1111.jpeg 768w, https:\/\/xn--mobilitt-6za.eu\/wp-content\/uploads\/2022\/09\/AFS22-746x1080.jpeg 746w, https:\/\/xn--mobilitt-6za.eu\/wp-content\/uploads\/2022\/09\/AFS22.jpeg 1056w\" sizes=\"auto, (max-width: 1024px) 100vw, 1024px\" \/>   <\/a>\n<\/div>\n\t\t\t\t\t<div class=\"col-padding col-padding-xs\">\n\t\t\t\t\t\t<h3 class=\"post-title space-bottom-small\">\n\t\t\t\t\t\t\t<a href=\"https:\/\/xn--mobilitt-6za.eu\/index.php\/2022\/09\/27\/autofreier-schultag-2022\/\" rel=\"bookmark\">\n\t\t\t\t\t\t\t\tAutofreier Schultag 2022\t\t\t\t\t\t\t<\/a>\n\t\t\t\t\t\t<\/h3>\n\t\t\t\t\t\t<p>In Lilienthal und dem gesamten Landkreis Osterholz hat die Initiative Mobilit\u00e4t am Donnerstag zum &#8222;autofreien Schultag&#8220; aufgerufen. Auch am Gymnasium im Schoofmoor warb Schulleiter Denis Ugurcu daf\u00fcr, dass die Kinder[&hellip;]<\/p>\n\t\t\t\t\t\t<a class=\"read-more link\" href=\"https:\/\/xn--mobilitt-6za.eu\/index.php\/2022\/09\/27\/autofreier-schultag-2022\/\">\n\t\t\t\t\t\t\tRead more\t\t\t\t\t\t<\/a>\n\t\t\t\t\t<\/div>\n\t\t\t\t<\/div>\n\t\t\t<\/div>\n\t\t\t\t\t\t<div id=\"post-987\" class=\"col-sm-6 col-md-2 space-bottom space-bottom-xs\">\n\t\t\t\t<div class=\"post-content card y-move bordered\">\n\t\t\t\t\t<div class=\"post-thumbnail\">\n   <a href=\"https:\/\/xn--mobilitt-6za.eu\/index.php\/2022\/09\/14\/fahrradfreundlichster-supermarkt-discounter-in-lilienthal-2022-ist\/\" class=\"post-list-item-thumb \">\n      <img loading=\"lazy\" decoding=\"async\" width=\"100\" height=\"87\" src=\"https:\/\/xn--mobilitt-6za.eu\/wp-content\/uploads\/2019\/09\/06EMWCyclistFemalerlil-klein.jpg\" class=\"attachment-post-thumbnail size-post-thumbnail wp-post-image\" alt=\"\" \/>   <\/a>\n<\/div>\n\t\t\t\t\t<div class=\"col-padding col-padding-xs\">\n\t\t\t\t\t\t<h3 class=\"post-title space-bottom-small\">\n\t\t\t\t\t\t\t<a href=\"https:\/\/xn--mobilitt-6za.eu\/index.php\/2022\/09\/14\/fahrradfreundlichster-supermarkt-discounter-in-lilienthal-2022-ist\/\" rel=\"bookmark\">\n\t\t\t\t\t\t\t\tFahrradfreundlichster Supermarkt \/ Discounter in Lilienthal 2022 ist&#8230;\t\t\t\t\t\t\t<\/a>\n\t\t\t\t\t\t<\/h3>\n\t\t\t\t\t\t<p>Wir, Initiative Mobilit\u00e4t, haben uns zum Auftakt der Europ\u00e4ischen Mobilit\u00e4tswoche mit der Parkplatzsituation f\u00fcr Fahrr\u00e4der an den Superm\u00e4rkten in Lilienthal befasst. Die Anregung dazu kam von einigen Fahrradfahrern, die sich[&hellip;]<\/p>\n\t\t\t\t\t\t<a class=\"read-more link\" href=\"https:\/\/xn--mobilitt-6za.eu\/index.php\/2022\/09\/14\/fahrradfreundlichster-supermarkt-discounter-in-lilienthal-2022-ist\/\">\n\t\t\t\t\t\t\tRead more\t\t\t\t\t\t<\/a>\n\t\t\t\t\t<\/div>\n\t\t\t\t<\/div>\n\t\t\t<\/div>\n\t\t\t\t\t\t<div id=\"post-962\" class=\"col-sm-6 col-md-2 space-bottom space-bottom-xs\">\n\t\t\t\t<div class=\"post-content card y-move bordered\">\n\t\t\t\t\t<div class=\"post-thumbnail\">\n   <a href=\"https:\/\/xn--mobilitt-6za.eu\/index.php\/2022\/09\/01\/mobilitaets-und-nachhaltigkeitswochen-starten-wieder\/\" class=\"post-list-item-thumb \">\n      <img loading=\"lazy\" decoding=\"async\" width=\"1024\" height=\"1449\" src=\"https:\/\/xn--mobilitt-6za.eu\/wp-content\/uploads\/2022\/09\/Plakat-Nachhaltigkeitswochen_Lilienthal-1024x1449.jpg\" class=\"attachment-post-thumbnail size-post-thumbnail wp-post-image\" alt=\"\" srcset=\"https:\/\/xn--mobilitt-6za.eu\/wp-content\/uploads\/2022\/09\/Plakat-Nachhaltigkeitswochen_Lilienthal-1024x1449.jpg 1024w, https:\/\/xn--mobilitt-6za.eu\/wp-content\/uploads\/2022\/09\/Plakat-Nachhaltigkeitswochen_Lilienthal-212x300.jpg 212w, https:\/\/xn--mobilitt-6za.eu\/wp-content\/uploads\/2022\/09\/Plakat-Nachhaltigkeitswochen_Lilienthal-724x1024.jpg 724w, https:\/\/xn--mobilitt-6za.eu\/wp-content\/uploads\/2022\/09\/Plakat-Nachhaltigkeitswochen_Lilienthal-768x1087.jpg 768w, https:\/\/xn--mobilitt-6za.eu\/wp-content\/uploads\/2022\/09\/Plakat-Nachhaltigkeitswochen_Lilienthal-1086x1536.jpg 1086w, https:\/\/xn--mobilitt-6za.eu\/wp-content\/uploads\/2022\/09\/Plakat-Nachhaltigkeitswochen_Lilienthal-763x1080.jpg 763w, https:\/\/xn--mobilitt-6za.eu\/wp-content\/uploads\/2022\/09\/Plakat-Nachhaltigkeitswochen_Lilienthal.jpg 1217w\" sizes=\"auto, (max-width: 1024px) 100vw, 1024px\" \/>   <\/a>\n<\/div>\n\t\t\t\t\t<div class=\"col-padding col-padding-xs\">\n\t\t\t\t\t\t<h3 class=\"post-title space-bottom-small\">\n\t\t\t\t\t\t\t<a href=\"https:\/\/xn--mobilitt-6za.eu\/index.php\/2022\/09\/01\/mobilitaets-und-nachhaltigkeitswochen-starten-wieder\/\" rel=\"bookmark\">\n\t\t\t\t\t\t\t\tMobilit\u00e4ts- und Nachhaltigkeitswochen starten wieder\t\t\t\t\t\t\t<\/a>\n\t\t\t\t\t\t<\/h3>\n\t\t\t\t\t\t<p>Ab dem 16.09. werden zum 4. Mal in Lilienthal im Rahmen der Mobilit\u00e4tswoche (EMW) Aktionen angeboten. Parallel dazu starten auch die Nachhaltigkeitswochen (organisiert durch die Freiwilligenagentur Lilienthal) ab dem 18.09.[&hellip;]<\/p>\n\t\t\t\t\t\t<a class=\"read-more link\" href=\"https:\/\/xn--mobilitt-6za.eu\/index.php\/2022\/09\/01\/mobilitaets-und-nachhaltigkeitswochen-starten-wieder\/\">\n\t\t\t\t\t\t\tRead more\t\t\t\t\t\t<\/a>\n\t\t\t\t\t<\/div>\n\t\t\t\t<\/div>\n\t\t\t<\/div>\n\t\t\t\t<\/div>\n\t<\/div><\/div> <div  class=\"row\"><div  class=\"text-center\"> <a  class=\"button color1\" data-attr-shortcode=\"href:mesmerize_blog_link\" href=\"https:\/\/xn--mobilitt-6za.eu\/index.php\/blog\/\">Noch mehr gute Nachrichten gibts hier\u2026<\/a><\/div> <\/div><\/div><\/div><div  data-label=\"Untersttzer  Frderer\" data-id=\"about--1\" data-export-id=\"about-4\" data-category=\"about\" class=\"about-4 content-section content-section-spacing\" id=\"untersttzer-frderer\" style=\"background-color: rgb(245, 250, 253);\"><div  class=\"gridContainer\"> <div  class=\"row middle-sm text-center\"><div  class=\"col-sm-5 space-bottom-xs\" data-type=\"column\">    <\/div> <div  class=\"col-sm-7 flexbox center-xs middle-xs image-group-2-img\"> <img  decoding=\"async\" class=\"img-1 shadow-large\" data-size=\"250x200\" src=\"https:\/\/xn--mobilitt-6za.eu\/wp-content\/uploads\/2019\/08\/cropped-EU-Flagge-Bild-von-S.-Hermann-F.-Richter-auf-Pixabay-2.jpg\" alt=\"\" title=\"cropped-EU-Flagge-Bild-von-S.-Hermann-F.-Richter-auf-Pixabay-2.jpg\"> <img  decoding=\"async\" class=\"img-2 shadow-large\" data-size=\"220x170\" src=\"https:\/\/xn--mobilitt-6za.eu\/wp-content\/uploads\/2019\/08\/cropped-06EMWCyclistFemaler.png\" alt=\"\" title=\"cropped-06EMWCyclistFemaler.png\"><\/div> <\/div><\/div> <\/div><div  data-label=\"Content\" data-id=\"content--1\" data-export-id=\"content-12\" data-category=\"content\" class=\"content-12 content-section content-section-spacing\" id=\"content-1\" style=\"background-color: rgb(255, 255, 255);\"><div  class=\"gridContainer\"> <div  class=\"row text-center\"><div  class=\"section-title-col\" data-type=\"column\">  <\/div> <\/div> <div  class=\"row center-xs middle-xs\"> <div  class=\"col-sm-9\" data-type=\"column\"> <\/div> <\/div><\/div> <\/div>","protected":false},"excerpt":{"rendered":"<p>K\u00fcrzlich ver\u00f6ffentlicht ! Noch mehr gute Nachrichten gibts hier\u2026<\/p>\n","protected":false},"author":1,"featured_media":0,"parent":0,"menu_order":0,"comment_status":"closed","ping_status":"closed","template":"page-templates\/homepage.php","meta":{"footnotes":""},"class_list":["post-42","page","type-page","status-publish","hentry"],"_links":{"self":[{"href":"https:\/\/xn--mobilitt-6za.eu\/index.php\/wp-json\/wp\/v2\/pages\/42","targetHints":{"allow":["GET"]}}],"collection":[{"href":"https:\/\/xn--mobilitt-6za.eu\/index.php\/wp-json\/wp\/v2\/pages"}],"about":[{"href":"https:\/\/xn--mobilitt-6za.eu\/index.php\/wp-json\/wp\/v2\/types\/page"}],"author":[{"embeddable":true,"href":"https:\/\/xn--mobilitt-6za.eu\/index.php\/wp-json\/wp\/v2\/users\/1"}],"replies":[{"embeddable":true,"href":"https:\/\/xn--mobilitt-6za.eu\/index.php\/wp-json\/wp\/v2\/comments?post=42"}],"version-history":[{"count":83,"href":"https:\/\/xn--mobilitt-6za.eu\/index.php\/wp-json\/wp\/v2\/pages\/42\/revisions"}],"predecessor-version":[{"id":1046,"href":"https:\/\/xn--mobilitt-6za.eu\/index.php\/wp-json\/wp\/v2\/pages\/42\/revisions\/1046"}],"wp:attachment":[{"href":"https:\/\/xn--mobilitt-6za.eu\/index.php\/wp-json\/wp\/v2\/media?parent=42"}],"curies":[{"name":"wp","href":"https:\/\/api.w.org\/{rel}","templated":true}]}}